{"id":19,"date":"2018-04-20T20:37:48","date_gmt":"2018-04-20T18:37:48","guid":{"rendered":"http:\/\/reiki.one\/?page_id=19"},"modified":"2023-03-14T11:18:15","modified_gmt":"2023-03-14T10:18:15","slug":"blog","status":"publish","type":"page","link":"http:\/\/reiki.one\/?page_id=19","title":{"rendered":"A lire&#8230;"},"content":{"rendered":"<div\n\t\t\t\n\t\t\tclass=\"so-widget-sow-blog so-widget-sow-blog-grid-6cff54a9fc16\"\n\t\t\t\n\t\t>\t\t<div\n\t\tclass=\"sow-blog sow-blog-layout-grid\"\n\t\tdata-template=\"grid\"\n\t\tdata-settings=\"{&quot;columns&quot;:4,&quot;featured_image&quot;:true,&quot;featured_image_size&quot;:false,&quot;featured_image_size_width&quot;:&quot;&quot;,&quot;featured_image_size_height&quot;:&quot;&quot;,&quot;content&quot;:&quot;excerpt&quot;,&quot;read_more&quot;:true,&quot;excerpt_length&quot;:40,&quot;date&quot;:true,&quot;author&quot;:false,&quot;filter_categories&quot;:false,&quot;categories&quot;:false,&quot;tags&quot;:false,&quot;comment_count&quot;:false,&quot;so_field_container_state&quot;:&quot;open&quot;,&quot;featured_image_empty&quot;:&quot;&quot;,&quot;tag&quot;:&quot;&quot;,&quot;trim_manual_excerpt&quot;:&quot;&quot;,&quot;template&quot;:&quot;grid&quot;}\"\n\t\tdata-paged=\"1\"\n\t\tdata-paging-id=\"6cff54a9fc16\"\n\t\tdata-total-pages=\"1\"\n\t\tdata-hash=\"82103dae\"\n\t>\n\t\t\n\t\t\t\t\t\t\t<div class=\"sow-blog-posts\">\n\t\t\t\t<article id=\"post-1199\" class=\"post-1199 post type-post status-publish format-standard hentry category-non-classe\" style=\"margin: 0 0 30px;\">\n\t\t\t\t<div class=\"sow-blog-content-wrapper\"\n\t\t style=\"padding: 25px 30px 33px;\">\n\t\t\t\t<header class=\"sow-entry-header\">\n\t\t\t<h2 class=\"sow-entry-title\" style=\"margin: 0 0 5px;\"><a href=\"http:\/\/reiki.one\/?p=1199\" rel=\"bookmark\">Reiki traditionnel et Cercles Sacr\u00e9s &#8211; Philippe Deweer<\/a><\/h2>\t\t\t<div class=\"sow-entry-meta\">\n\t\t\t\t\t\t\t<span class=\"sow-entry-date\">\n\t\t\t\t<a href=\"http:\/\/reiki.one\/?p=1199\" rel=\"bookmark\">\n\t\t\t\t\t<time class=\"published\" datetime=\"2024-04-22T19:06:29+02:00\">\n\t\t\t\t\t\t22 avril 2024\t\t\t\t\t<\/time>\n\t\t\t\t\t<time class=\"updated\" datetime=\"2024-04-24T17:11:41+02:00\">\n\t\t\t\t\t\t24 avril 2024\t\t\t\t\t<\/time>\n\t\t\t\t<\/a>\n\t\t\t<\/span>\n\t\t\n\t\t\n\t\t\n\t\t\t\t\t<\/div>\n\t\t<\/header>\n\n\t\t\t\t\t<div\n\t\t\t\tclass=\"sow-entry-content\"\n\t\t\t\tstyle=\"margin-top: 20px;\"\n\t\t\t>\n\t\t\t\t<p>J\u2019organise depuis peu des Cercles Sacr\u00e9s, Cercles de Ressourcement, et on me demande quel est le lien avec le Reiki traditionnel. Je pourrais trouver une r\u00e9ponse facile en disant que le Reiki, en tant qu&rsquo;\u00e9nergie spirituelle, est pr\u00e9sent dans tout&#8230;.<a class=\"sow-more-link more-link excerpt\" href=\"http:\/\/reiki.one\/?p=1199\">Continue reading<span class=\"sow-more-link-arrow\">&rarr;<\/span><\/a><\/p>\t\t\t<\/div>\n\t\t\t\t<\/div>\n<\/article>\n<article id=\"post-1141\" class=\"post-1141 post type-post status-publish format-standard hentry category-non-classe\" style=\"margin: 0 0 30px;\">\n\t\t\t\t<div class=\"sow-blog-content-wrapper\"\n\t\t style=\"padding: 25px 30px 33px;\">\n\t\t\t\t<header class=\"sow-entry-header\">\n\t\t\t<h2 class=\"sow-entry-title\" style=\"margin: 0 0 5px;\"><a href=\"http:\/\/reiki.one\/?p=1141\" rel=\"bookmark\">Les mots \u201cne&#8230; pas\u201d dans les pr\u00e9ceptes<\/a><\/h2>\t\t\t<div class=\"sow-entry-meta\">\n\t\t\t\t\t\t\t<span class=\"sow-entry-date\">\n\t\t\t\t<a href=\"http:\/\/reiki.one\/?p=1141\" rel=\"bookmark\">\n\t\t\t\t\t<time class=\"published\" datetime=\"2023-11-02T14:57:01+01:00\">\n\t\t\t\t\t\t2 novembre 2023\t\t\t\t\t<\/time>\n\t\t\t\t\t<time class=\"updated\" datetime=\"2023-11-03T15:49:09+01:00\">\n\t\t\t\t\t\t3 novembre 2023\t\t\t\t\t<\/time>\n\t\t\t\t<\/a>\n\t\t\t<\/span>\n\t\t\n\t\t\n\t\t\n\t\t\t\t\t<\/div>\n\t\t<\/header>\n\n\t\t\t\t\t<div\n\t\t\t\tclass=\"sow-entry-content\"\n\t\t\t\tstyle=\"margin-top: 20px;\"\n\t\t\t>\n\t\t\t\t<p>Article de Frans StieneTraduction libre Souvent, les gens n\u2019aiment pas les mots \u201cne\u2026 pas\u201d dans les pr\u00e9ceptes et commencent \u00e0 remplacer les deux premiers pr\u00e9ceptes par des mots qui peuvent sembler plus positifs. Mais la n\u00e9gation, le \u201cnon\u201d est tr\u00e8s&#8230;<a class=\"sow-more-link more-link excerpt\" href=\"http:\/\/reiki.one\/?p=1141\">Continue reading<span class=\"sow-more-link-arrow\">&rarr;<\/span><\/a><\/p>\t\t\t<\/div>\n\t\t\t\t<\/div>\n<\/article>\n<article id=\"post-877\" class=\"post-877 post type-post status-publish format-standard hentry category-non-classe\" style=\"margin: 0 0 30px;\">\n\t\t\t\t<div class=\"sow-blog-content-wrapper\"\n\t\t style=\"padding: 25px 30px 33px;\">\n\t\t\t\t<header class=\"sow-entry-header\">\n\t\t\t<h2 class=\"sow-entry-title\" style=\"margin: 0 0 5px;\"><a href=\"http:\/\/reiki.one\/?p=877\" rel=\"bookmark\">Interview pour le journal Le Soir<\/a><\/h2>\t\t\t<div class=\"sow-entry-meta\">\n\t\t\t\t\t\t\t<span class=\"sow-entry-date\">\n\t\t\t\t<a href=\"http:\/\/reiki.one\/?p=877\" rel=\"bookmark\">\n\t\t\t\t\t<time class=\"published\" datetime=\"2023-11-02T09:50:00+01:00\">\n\t\t\t\t\t\t2 novembre 2023\t\t\t\t\t<\/time>\n\t\t\t\t\t<time class=\"updated\" datetime=\"2023-11-02T14:53:41+01:00\">\n\t\t\t\t\t\t2 novembre 2023\t\t\t\t\t<\/time>\n\t\t\t\t<\/a>\n\t\t\t<\/span>\n\t\t\n\t\t\n\t\t\n\t\t\t\t\t<\/div>\n\t\t<\/header>\n\n\t\t\t\t\t<div\n\t\t\t\tclass=\"sow-entry-content\"\n\t\t\t\tstyle=\"margin-top: 20px;\"\n\t\t\t>\n\t\t\t\t<p>J&rsquo;ai eu la chance d&rsquo;\u00eatre interview\u00e9 pour le compl\u00e9ment du journal Le Soir (Belgique). A lire ici&#8230;<\/p>\t\t\t<\/div>\n\t\t\t\t<\/div>\n<\/article>\n<article id=\"post-1075\" class=\"post-1075 post type-post status-publish format-standard hentry category-non-classe\" style=\"margin: 0 0 30px;\">\n\t\t\t\t<div class=\"sow-blog-content-wrapper\"\n\t\t style=\"padding: 25px 30px 33px;\">\n\t\t\t\t<header class=\"sow-entry-header\">\n\t\t\t<h2 class=\"sow-entry-title\" style=\"margin: 0 0 5px;\"><a href=\"http:\/\/reiki.one\/?p=1075\" rel=\"bookmark\">Red\u00e9couvrez votre propre luminosit\u00e9 int\u00e9rieure\u00a0 &#8211; Frans Stiene<\/a><\/h2>\t\t\t<div class=\"sow-entry-meta\">\n\t\t\t\t\t\t\t<span class=\"sow-entry-date\">\n\t\t\t\t<a href=\"http:\/\/reiki.one\/?p=1075\" rel=\"bookmark\">\n\t\t\t\t\t<time class=\"published\" datetime=\"2023-03-26T10:03:27+02:00\">\n\t\t\t\t\t\t26 mars 2023\t\t\t\t\t<\/time>\n\t\t\t\t\t<time class=\"updated\" datetime=\"2023-03-26T10:40:06+02:00\">\n\t\t\t\t\t\t26 mars 2023\t\t\t\t\t<\/time>\n\t\t\t\t<\/a>\n\t\t\t<\/span>\n\t\t\n\t\t\n\t\t\n\t\t\t\t\t<\/div>\n\t\t<\/header>\n\n\t\t\t\t\t<div\n\t\t\t\tclass=\"sow-entry-content\"\n\t\t\t\tstyle=\"margin-top: 20px;\"\n\t\t\t>\n\t\t\t\t<p>Traduction libre&nbsp; Beaucoup de gens posent la question \u00a0\u00bb Qu&rsquo;est-ce que le Reiki ? \u00ab\u00a0. Il y a deux fa\u00e7ons d&rsquo;aborder la question. Sous un certain angle, Reiki signifie \u00ab\u00a0\u00e9nergie spirituelle \u00ab\u00a0, notre propre luminosit\u00e9 inn\u00e9e, notre vraie nature, notre&#8230;<a class=\"sow-more-link more-link excerpt\" href=\"http:\/\/reiki.one\/?p=1075\">Continue reading<span class=\"sow-more-link-arrow\">&rarr;<\/span><\/a><\/p>\t\t\t<\/div>\n\t\t\t\t<\/div>\n<\/article>\n<article id=\"post-1018\" class=\"post-1018 post type-post status-publish format-standard hentry category-non-classe\" style=\"margin: 0 0 30px;\">\n\t\t\t\t<div class=\"sow-blog-content-wrapper\"\n\t\t style=\"padding: 25px 30px 33px;\">\n\t\t\t\t<header class=\"sow-entry-header\">\n\t\t\t<h2 class=\"sow-entry-title\" style=\"margin: 0 0 5px;\"><a href=\"http:\/\/reiki.one\/?p=1018\" rel=\"bookmark\">Renouer avec soi-m\u00eame &#8211; Philippe Deweer<\/a><\/h2>\t\t\t<div class=\"sow-entry-meta\">\n\t\t\t\t\t\t\t<span class=\"sow-entry-date\">\n\t\t\t\t<a href=\"http:\/\/reiki.one\/?p=1018\" rel=\"bookmark\">\n\t\t\t\t\t<time class=\"published\" datetime=\"2023-03-06T14:40:31+01:00\">\n\t\t\t\t\t\t6 mars 2023\t\t\t\t\t<\/time>\n\t\t\t\t\t<time class=\"updated\" datetime=\"2023-03-07T13:52:42+01:00\">\n\t\t\t\t\t\t7 mars 2023\t\t\t\t\t<\/time>\n\t\t\t\t<\/a>\n\t\t\t<\/span>\n\t\t\n\t\t\n\t\t\n\t\t\t\t\t<\/div>\n\t\t<\/header>\n\n\t\t\t\t\t<div\n\t\t\t\tclass=\"sow-entry-content\"\n\t\t\t\tstyle=\"margin-top: 20px;\"\n\t\t\t>\n\t\t\t\t<p>Un point crucial du Reiki qui est parfois oubli\u00e9 est la pratique sur soi. Tr\u00e8s \u201cpratique\u201d pourtant\u2026 \u00e0 n&rsquo;importe quel moment, quel que soit le lieu o\u00f9 l&rsquo;on se trouve, il suffit de poser les mains sur soi. Comme un&#8230;<a class=\"sow-more-link more-link excerpt\" href=\"http:\/\/reiki.one\/?p=1018\">Continue reading<span class=\"sow-more-link-arrow\">&rarr;<\/span><\/a><\/p>\t\t\t<\/div>\n\t\t\t\t<\/div>\n<\/article>\n<article id=\"post-995\" class=\"post-995 post type-post status-publish format-standard hentry category-non-classe\" style=\"margin: 0 0 30px;\">\n\t\t\t\t<div class=\"sow-blog-content-wrapper\"\n\t\t style=\"padding: 25px 30px 33px;\">\n\t\t\t\t<header class=\"sow-entry-header\">\n\t\t\t<h2 class=\"sow-entry-title\" style=\"margin: 0 0 5px;\"><a href=\"http:\/\/reiki.one\/?p=995\" rel=\"bookmark\">Le Reiki, une m\u00e9thode et une fa\u00e7on d\u2019\u00eatre &#8211; Philippe Deweer<\/a><\/h2>\t\t\t<div class=\"sow-entry-meta\">\n\t\t\t\t\t\t\t<span class=\"sow-entry-date\">\n\t\t\t\t<a href=\"http:\/\/reiki.one\/?p=995\" rel=\"bookmark\">\n\t\t\t\t\t<time class=\"published\" datetime=\"2022-11-30T18:14:05+01:00\">\n\t\t\t\t\t\t30 novembre 2022\t\t\t\t\t<\/time>\n\t\t\t\t\t<time class=\"updated\" datetime=\"2022-11-30T18:41:53+01:00\">\n\t\t\t\t\t\t30 novembre 2022\t\t\t\t\t<\/time>\n\t\t\t\t<\/a>\n\t\t\t<\/span>\n\t\t\n\t\t\n\t\t\n\t\t\t\t\t<\/div>\n\t\t<\/header>\n\n\t\t\t\t\t<div\n\t\t\t\tclass=\"sow-entry-content\"\n\t\t\t\tstyle=\"margin-top: 20px;\"\n\t\t\t>\n\t\t\t\t<p>Petite r\u00e9flexion personnelle\u2026 allez hop \ud83d\ude09 Cesser d\u2019attendre\u2026 revenir dans l\u2019instant pr\u00e9sent, \u00eatre pleinement ici et maintenant, dans le plein consentement de ce qui est\u2026Voici les fondements m\u00eames de la pratique du Reiki. Prendre soin de soi ou des autres&#8230;<a class=\"sow-more-link more-link excerpt\" href=\"http:\/\/reiki.one\/?p=995\">Continue reading<span class=\"sow-more-link-arrow\">&rarr;<\/span><\/a><\/p>\t\t\t<\/div>\n\t\t\t\t<\/div>\n<\/article>\n<article id=\"post-807\" class=\"post-807 post type-post status-publish format-standard hentry category-non-classe\" style=\"margin: 0 0 30px;\">\n\t\t\t\t<div class=\"sow-blog-content-wrapper\"\n\t\t style=\"padding: 25px 30px 33px;\">\n\t\t\t\t<header class=\"sow-entry-header\">\n\t\t\t<h2 class=\"sow-entry-title\" style=\"margin: 0 0 5px;\"><a href=\"http:\/\/reiki.one\/?p=807\" rel=\"bookmark\">Le Reiki en h\u00f4pital<\/a><\/h2>\t\t\t<div class=\"sow-entry-meta\">\n\t\t\t\t\t\t\t<span class=\"sow-entry-date\">\n\t\t\t\t<a href=\"http:\/\/reiki.one\/?p=807\" rel=\"bookmark\">\n\t\t\t\t\t<time class=\"published\" datetime=\"2021-05-19T16:38:34+02:00\">\n\t\t\t\t\t\t19 mai 2021\t\t\t\t\t<\/time>\n\t\t\t\t\t<time class=\"updated\" datetime=\"2021-05-19T16:38:45+02:00\">\n\t\t\t\t\t\t19 mai 2021\t\t\t\t\t<\/time>\n\t\t\t\t<\/a>\n\t\t\t<\/span>\n\t\t\n\t\t\n\t\t\n\t\t\t\t\t<\/div>\n\t\t<\/header>\n\n\t\t\t\t\t<div\n\t\t\t\tclass=\"sow-entry-content\"\n\t\t\t\tstyle=\"margin-top: 20px;\"\n\t\t\t>\n\t\t\t\t<p>Le Reiki est utilis\u00e9 en h\u00f4pital dans certains pays comme l&rsquo;Allemagne. A voir sur ce sujet, une \u00e9mission ARTE : https:\/\/www.youtube.com\/watch?v=l0_CkSJjwxw&amp;ab_channel=Clefdubien-%C3%AAtre<\/p>\t\t\t<\/div>\n\t\t\t\t<\/div>\n<\/article>\n<article id=\"post-777\" class=\"post-777 post type-post status-publish format-standard hentry category-non-classe\" style=\"margin: 0 0 30px;\">\n\t\t\t\t<div class=\"sow-blog-content-wrapper\"\n\t\t style=\"padding: 25px 30px 33px;\">\n\t\t\t\t<header class=\"sow-entry-header\">\n\t\t\t<h2 class=\"sow-entry-title\" style=\"margin: 0 0 5px;\"><a href=\"http:\/\/reiki.one\/?p=777\" rel=\"bookmark\">Le Reiki et le culte de la peur<\/a><\/h2>\t\t\t<div class=\"sow-entry-meta\">\n\t\t\t\t\t\t\t<span class=\"sow-entry-date\">\n\t\t\t\t<a href=\"http:\/\/reiki.one\/?p=777\" rel=\"bookmark\">\n\t\t\t\t\t<time class=\"published\" datetime=\"2021-03-12T16:40:32+01:00\">\n\t\t\t\t\t\t12 mars 2021\t\t\t\t\t<\/time>\n\t\t\t\t\t<time class=\"updated\" datetime=\"2021-03-12T16:47:25+01:00\">\n\t\t\t\t\t\t12 mars 2021\t\t\t\t\t<\/time>\n\t\t\t\t<\/a>\n\t\t\t<\/span>\n\t\t\n\t\t\n\t\t\n\t\t\t\t\t<\/div>\n\t\t<\/header>\n\n\t\t\t\t\t<div\n\t\t\t\tclass=\"sow-entry-content\"\n\t\t\t\tstyle=\"margin-top: 20px;\"\n\t\t\t>\n\t\t\t\t<p>Petite conversation entre Andr\u00e9 Baechler et une autre praticienne qui fait \u00e9cho \u00e0 des choses entendues lors de mes formations \ud83d\ude09 Andr\u00e9 Baechler : \u201cJ&rsquo;ai termin\u00e9 hier un stage Reiki de deuxi\u00e8me degr\u00e9, avec une majorit\u00e9 de personnes ayant effectu\u00e9&#8230;<a class=\"sow-more-link more-link excerpt\" href=\"http:\/\/reiki.one\/?p=777\">Continue reading<span class=\"sow-more-link-arrow\">&rarr;<\/span><\/a><\/p>\t\t\t<\/div>\n\t\t\t\t<\/div>\n<\/article>\n<article id=\"post-651\" class=\"post-651 post type-post status-publish format-standard hentry category-non-classe\" style=\"margin: 0 0 30px;\">\n\t\t\t\t<div class=\"sow-blog-content-wrapper\"\n\t\t style=\"padding: 25px 30px 33px;\">\n\t\t\t\t<header class=\"sow-entry-header\">\n\t\t\t<h2 class=\"sow-entry-title\" style=\"margin: 0 0 5px;\"><a href=\"http:\/\/reiki.one\/?p=651\" rel=\"bookmark\">L\u2019esprit du d\u00e9butant &#8211; Shunryu Suzuki Roshi<\/a><\/h2>\t\t\t<div class=\"sow-entry-meta\">\n\t\t\t\t\t\t\t<span class=\"sow-entry-date\">\n\t\t\t\t<a href=\"http:\/\/reiki.one\/?p=651\" rel=\"bookmark\">\n\t\t\t\t\t<time class=\"published\" datetime=\"2020-04-11T13:53:10+02:00\">\n\t\t\t\t\t\t11 avril 2020\t\t\t\t\t<\/time>\n\t\t\t\t\t<time class=\"updated\" datetime=\"2021-08-09T12:02:10+02:00\">\n\t\t\t\t\t\t9 ao\u00fbt 2021\t\t\t\t\t<\/time>\n\t\t\t\t<\/a>\n\t\t\t<\/span>\n\t\t\n\t\t\n\t\t\n\t\t\t\t\t<\/div>\n\t\t<\/header>\n\n\t\t\t\t\t<div\n\t\t\t\tclass=\"sow-entry-content\"\n\t\t\t\tstyle=\"margin-top: 20px;\"\n\t\t\t>\n\t\t\t\t<p>Cette histoire Zen explique bien ce qu\u2019est \u00ab Shoshin \u00bb, l\u2019esprit de d\u00e9butant (sho: qui d\u00e9bute \/ Shin: esprit) Bonnes pratiques \u00e0 vous \ud83d\ude09 Un c\u00e9l\u00e8bre ma\u00eetre de zen re\u00e7oit un jour la visite d\u2019un homme qui d\u00e9clare vouloir \u00e9tudier&#8230;<a class=\"sow-more-link more-link excerpt\" href=\"http:\/\/reiki.one\/?p=651\">Continue reading<span class=\"sow-more-link-arrow\">&rarr;<\/span><\/a><\/p>\t\t\t<\/div>\n\t\t\t\t<\/div>\n<\/article>\n<article id=\"post-643\" class=\"post-643 post type-post status-publish format-standard hentry category-non-classe\" style=\"margin: 0 0 30px;\">\n\t\t\t\t<div class=\"sow-blog-content-wrapper\"\n\t\t style=\"padding: 25px 30px 33px;\">\n\t\t\t\t<header class=\"sow-entry-header\">\n\t\t\t<h2 class=\"sow-entry-title\" style=\"margin: 0 0 5px;\"><a href=\"http:\/\/reiki.one\/?p=643\" rel=\"bookmark\">Plaidoyer pour la pratique sur soi \ud83d\ude09<\/a><\/h2>\t\t\t<div class=\"sow-entry-meta\">\n\t\t\t\t\t\t\t<span class=\"sow-entry-date\">\n\t\t\t\t<a href=\"http:\/\/reiki.one\/?p=643\" rel=\"bookmark\">\n\t\t\t\t\t<time class=\"published\" datetime=\"2020-04-02T13:27:08+02:00\">\n\t\t\t\t\t\t2 avril 2020\t\t\t\t\t<\/time>\n\t\t\t\t\t<time class=\"updated\" datetime=\"2020-04-02T13:36:04+02:00\">\n\t\t\t\t\t\t2 avril 2020\t\t\t\t\t<\/time>\n\t\t\t\t<\/a>\n\t\t\t<\/span>\n\t\t\n\t\t\n\t\t\n\t\t\t\t\t<\/div>\n\t\t<\/header>\n\n\t\t\t\t\t<div\n\t\t\t\tclass=\"sow-entry-content\"\n\t\t\t\tstyle=\"margin-top: 20px;\"\n\t\t\t>\n\t\t\t\t<p>Tir\u00e9 de la tradition soufie. \u201c\u00c0 vingt ans, je n&rsquo;avais qu&rsquo;une seule pri\u00e8re : \u00ab\u00a0Mon Dieu, aide-moi \u00e0 changer le monde, ce monde insoutenable, invivable, d&rsquo;une telle cruaut\u00e9, d&rsquo;une telle injustice.\u00a0\u00bb Et je me suis battu comme un lion. Au&#8230;<a class=\"sow-more-link more-link excerpt\" href=\"http:\/\/reiki.one\/?p=643\">Continue reading<span class=\"sow-more-link-arrow\">&rarr;<\/span><\/a><\/p>\t\t\t<\/div>\n\t\t\t\t<\/div>\n<\/article>\n<article id=\"post-628\" class=\"post-628 post type-post status-publish format-standard hentry category-non-classe\" style=\"margin: 0 0 30px;\">\n\t\t\t\t<div class=\"sow-blog-content-wrapper\"\n\t\t style=\"padding: 25px 30px 33px;\">\n\t\t\t\t<header class=\"sow-entry-header\">\n\t\t\t<h2 class=\"sow-entry-title\" style=\"margin: 0 0 5px;\"><a href=\"http:\/\/reiki.one\/?p=628\" rel=\"bookmark\">Prendre soin\u2026 Le Reiki comme m\u00e9ditation &#8211; Philippe Deweer<\/a><\/h2>\t\t\t<div class=\"sow-entry-meta\">\n\t\t\t\t\t\t\t<span class=\"sow-entry-date\">\n\t\t\t\t<a href=\"http:\/\/reiki.one\/?p=628\" rel=\"bookmark\">\n\t\t\t\t\t<time class=\"published\" datetime=\"2020-03-23T10:39:09+01:00\">\n\t\t\t\t\t\t23 mars 2020\t\t\t\t\t<\/time>\n\t\t\t\t\t<time class=\"updated\" datetime=\"2020-03-23T11:03:20+01:00\">\n\t\t\t\t\t\t23 mars 2020\t\t\t\t\t<\/time>\n\t\t\t\t<\/a>\n\t\t\t<\/span>\n\t\t\n\t\t\n\t\t\n\t\t\t\t\t<\/div>\n\t\t<\/header>\n\n\t\t\t\t\t<div\n\t\t\t\tclass=\"sow-entry-content\"\n\t\t\t\tstyle=\"margin-top: 20px;\"\n\t\t\t>\n\t\t\t\t<p>Petite r\u00e9flexion personnelle\u2026 allez hop \ud83d\ude09 Il me semble important de rappeler que prendre soin de soi ou des autres en pratiquant le Reiki, est une forme de m\u00e9ditation. Celle-ci est \u00e0 la fois une m\u00e9thode et une fa\u00e7on d\u2019\u00eatre&#8230;.<a class=\"sow-more-link more-link excerpt\" href=\"http:\/\/reiki.one\/?p=628\">Continue reading<span class=\"sow-more-link-arrow\">&rarr;<\/span><\/a><\/p>\t\t\t<\/div>\n\t\t\t\t<\/div>\n<\/article>\n<article id=\"post-550\" class=\"post-550 post type-post status-publish format-standard hentry category-non-classe\" style=\"margin: 0 0 30px;\">\n\t\t\t\t<div class=\"sow-blog-content-wrapper\"\n\t\t style=\"padding: 25px 30px 33px;\">\n\t\t\t\t<header class=\"sow-entry-header\">\n\t\t\t<h2 class=\"sow-entry-title\" style=\"margin: 0 0 5px;\"><a href=\"http:\/\/reiki.one\/?p=550\" rel=\"bookmark\">\u201c Soyons espace d\u2019accueil\u2026 \u201c<\/a><\/h2>\t\t\t<div class=\"sow-entry-meta\">\n\t\t\t\t\t\t\t<span class=\"sow-entry-date\">\n\t\t\t\t<a href=\"http:\/\/reiki.one\/?p=550\" rel=\"bookmark\">\n\t\t\t\t\t<time class=\"published\" datetime=\"2019-07-27T10:58:37+02:00\">\n\t\t\t\t\t\t27 juillet 2019\t\t\t\t\t<\/time>\n\t\t\t\t\t<time class=\"updated\" datetime=\"2019-07-27T11:02:05+02:00\">\n\t\t\t\t\t\t27 juillet 2019\t\t\t\t\t<\/time>\n\t\t\t\t<\/a>\n\t\t\t<\/span>\n\t\t\n\t\t\n\t\t\n\t\t\t\t\t<\/div>\n\t\t<\/header>\n\n\t\t\t\t\t<div\n\t\t\t\tclass=\"sow-entry-content\"\n\t\t\t\tstyle=\"margin-top: 20px;\"\n\t\t\t>\n\t\t\t\t<p>L\u2019approche du Reiki est non-violente. Il ne s\u2019agit pas d\u2019entrer en guerre contre les sympt\u00f4mes ou les mal-\u00eatres. il s\u2019agit au contraire de reconna\u00eetre et d&rsquo;accueillir ce que l&rsquo;on est. On adopte une attitude ouverte, g\u00e9n\u00e9reuse, remplie d&rsquo;amour, de bienveillance&#8230;<a class=\"sow-more-link more-link excerpt\" href=\"http:\/\/reiki.one\/?p=550\">Continue reading<span class=\"sow-more-link-arrow\">&rarr;<\/span><\/a><\/p>\t\t\t<\/div>\n\t\t\t\t<\/div>\n<\/article>\n<article id=\"post-523\" class=\"post-523 post type-post status-publish format-standard hentry category-non-classe\" style=\"margin: 0 0 30px;\">\n\t\t\t\t<div class=\"sow-blog-content-wrapper\"\n\t\t style=\"padding: 25px 30px 33px;\">\n\t\t\t\t<header class=\"sow-entry-header\">\n\t\t\t<h2 class=\"sow-entry-title\" style=\"margin: 0 0 5px;\"><a href=\"http:\/\/reiki.one\/?p=523\" rel=\"bookmark\">Ombre et lumi\u00e8re<\/a><\/h2>\t\t\t<div class=\"sow-entry-meta\">\n\t\t\t\t\t\t\t<span class=\"sow-entry-date\">\n\t\t\t\t<a href=\"http:\/\/reiki.one\/?p=523\" rel=\"bookmark\">\n\t\t\t\t\t<time class=\"published\" datetime=\"2019-06-25T20:17:11+02:00\">\n\t\t\t\t\t\t25 juin 2019\t\t\t\t\t<\/time>\n\t\t\t\t\t<time class=\"updated\" datetime=\"2019-06-25T20:35:48+02:00\">\n\t\t\t\t\t\t25 juin 2019\t\t\t\t\t<\/time>\n\t\t\t\t<\/a>\n\t\t\t<\/span>\n\t\t\n\t\t\n\t\t\n\t\t\t\t\t<\/div>\n\t\t<\/header>\n\n\t\t\t\t\t<div\n\t\t\t\tclass=\"sow-entry-content\"\n\t\t\t\tstyle=\"margin-top: 20px;\"\n\t\t\t>\n\t\t\t\t<p>\u201c Il n\u2019y a pas de lumi\u00e8re sans ombre et pas de totalit\u00e9 psychique sans imperfection. La vie n\u00e9cessite pour son \u00e9panouissement non pas de la perfection, mais de la pl\u00e9nitude. Sans imperfection, il n\u2019y a ni progression ni ascension&#8230;.<a class=\"sow-more-link more-link excerpt\" href=\"http:\/\/reiki.one\/?p=523\">Continue reading<span class=\"sow-more-link-arrow\">&rarr;<\/span><\/a><\/p>\t\t\t<\/div>\n\t\t\t\t<\/div>\n<\/article>\n<article id=\"post-492\" class=\"post-492 post type-post status-publish format-standard hentry category-non-classe\" style=\"margin: 0 0 30px;\">\n\t\t\t\t<div class=\"sow-blog-content-wrapper\"\n\t\t style=\"padding: 25px 30px 33px;\">\n\t\t\t\t<header class=\"sow-entry-header\">\n\t\t\t<h2 class=\"sow-entry-title\" style=\"margin: 0 0 5px;\"><a href=\"http:\/\/reiki.one\/?p=492\" rel=\"bookmark\">L\u2019\u00e9go\u00efsme &#8211; Andr\u00e9 Baechler<\/a><\/h2>\t\t\t<div class=\"sow-entry-meta\">\n\t\t\t\t\t\t\t<span class=\"sow-entry-date\">\n\t\t\t\t<a href=\"http:\/\/reiki.one\/?p=492\" rel=\"bookmark\">\n\t\t\t\t\t<time class=\"published\" datetime=\"2019-04-25T21:29:20+02:00\">\n\t\t\t\t\t\t25 avril 2019\t\t\t\t\t<\/time>\n\t\t\t\t\t<time class=\"updated\" datetime=\"2021-08-24T20:20:45+02:00\">\n\t\t\t\t\t\t24 ao\u00fbt 2021\t\t\t\t\t<\/time>\n\t\t\t\t<\/a>\n\t\t\t<\/span>\n\t\t\n\t\t\n\t\t\n\t\t\t\t\t<\/div>\n\t\t<\/header>\n\n\t\t\t\t\t<div\n\t\t\t\tclass=\"sow-entry-content\"\n\t\t\t\tstyle=\"margin-top: 20px;\"\n\t\t\t>\n\t\t\t\t<p>Tr\u00e8s beau texte d\u2019Andr\u00e9 Baechler &#8211; praticien et enseignant Reiki en Suisse &#8211; et un tr\u00e8s bel encouragement \u00e0 pratiquer le Reiki sur soi \u2026 \u00e0 prendre soin de soi ! [&#8230;] Prendre soin de soi n\u2019est pas \u00e9go\u00efste L\u2019\u00e9go\u00efsme&#8230;<a class=\"sow-more-link more-link excerpt\" href=\"http:\/\/reiki.one\/?p=492\">Continue reading<span class=\"sow-more-link-arrow\">&rarr;<\/span><\/a><\/p>\t\t\t<\/div>\n\t\t\t\t<\/div>\n<\/article>\n<article id=\"post-459\" class=\"post-459 post type-post status-publish format-standard hentry category-non-classe\" style=\"margin: 0 0 30px;\">\n\t\t\t\t<div class=\"sow-blog-content-wrapper\"\n\t\t style=\"padding: 25px 30px 33px;\">\n\t\t\t\t<header class=\"sow-entry-header\">\n\t\t\t<h2 class=\"sow-entry-title\" style=\"margin: 0 0 5px;\"><a href=\"http:\/\/reiki.one\/?p=459\" rel=\"bookmark\">Le Reiki en toute simplicit\u00e9 &#8211; Philippe Deweer<\/a><\/h2>\t\t\t<div class=\"sow-entry-meta\">\n\t\t\t\t\t\t\t<span class=\"sow-entry-date\">\n\t\t\t\t<a href=\"http:\/\/reiki.one\/?p=459\" rel=\"bookmark\">\n\t\t\t\t\t<time class=\"published\" datetime=\"2019-03-05T09:50:37+01:00\">\n\t\t\t\t\t\t5 mars 2019\t\t\t\t\t<\/time>\n\t\t\t\t\t<time class=\"updated\" datetime=\"2019-03-05T09:55:20+01:00\">\n\t\t\t\t\t\t5 mars 2019\t\t\t\t\t<\/time>\n\t\t\t\t<\/a>\n\t\t\t<\/span>\n\t\t\n\t\t\n\t\t\n\t\t\t\t\t<\/div>\n\t\t<\/header>\n\n\t\t\t\t\t<div\n\t\t\t\tclass=\"sow-entry-content\"\n\t\t\t\tstyle=\"margin-top: 20px;\"\n\t\t\t>\n\t\t\t\t<p>Simplicit\u00e9\u2026 quel beau mot pour le Reiki \u00a0! Le Reiki est libre de tout dogme et il s\u2019adapte \u00e0 tout type de croyance ou d\u2019absence de croyance. C\u2019est une pratique \u00e9nerg\u00e9tique simple et universelle. Il n\u2019y a rien \u00e0 vouloir&#8230;&#8230;<a class=\"sow-more-link more-link excerpt\" href=\"http:\/\/reiki.one\/?p=459\">Continue reading<span class=\"sow-more-link-arrow\">&rarr;<\/span><\/a><\/p>\t\t\t<\/div>\n\t\t\t\t<\/div>\n<\/article>\n<article id=\"post-449\" class=\"post-449 post type-post status-publish format-standard hentry category-non-classe\" style=\"margin: 0 0 30px;\">\n\t\t\t\t<div class=\"sow-blog-content-wrapper\"\n\t\t style=\"padding: 25px 30px 33px;\">\n\t\t\t\t<header class=\"sow-entry-header\">\n\t\t\t<h2 class=\"sow-entry-title\" style=\"margin: 0 0 5px;\"><a href=\"http:\/\/reiki.one\/?p=449\" rel=\"bookmark\">Le syst\u00e8me Reiki, une pratique de m\u00e9ditation &#8211; Frans Stiene<\/a><\/h2>\t\t\t<div class=\"sow-entry-meta\">\n\t\t\t\t\t\t\t<span class=\"sow-entry-date\">\n\t\t\t\t<a href=\"http:\/\/reiki.one\/?p=449\" rel=\"bookmark\">\n\t\t\t\t\t<time class=\"published\" datetime=\"2019-02-05T16:11:18+01:00\">\n\t\t\t\t\t\t5 f\u00e9vrier 2019\t\t\t\t\t<\/time>\n\t\t\t\t\t<time class=\"updated\" datetime=\"2019-02-05T16:11:18+01:00\">\n\t\t\t\t\t\t5 f\u00e9vrier 2019\t\t\t\t\t<\/time>\n\t\t\t\t<\/a>\n\t\t\t<\/span>\n\t\t\n\t\t\n\t\t\n\t\t\t\t\t<\/div>\n\t\t<\/header>\n\n\t\t\t\t\t<div\n\t\t\t\tclass=\"sow-entry-content\"\n\t\t\t\tstyle=\"margin-top: 20px;\"\n\t\t\t>\n\t\t\t\t<p>Traduction libre d\u2019un extrait du livre de Frans Stiene \u201cThe Inner Heart of Reiki\u201d Toutes les pratiques du syst\u00e8me de Reiki sont des pratiques de m\u00e9ditation. Mais qu&rsquo;est-ce que la m\u00e9ditation ? Beaucoup de gens s&#8217;embrouillent sur ce qu&rsquo;est la&#8230;<a class=\"sow-more-link more-link excerpt\" href=\"http:\/\/reiki.one\/?p=449\">Continue reading<span class=\"sow-more-link-arrow\">&rarr;<\/span><\/a><\/p>\t\t\t<\/div>\n\t\t\t\t<\/div>\n<\/article>\n<article id=\"post-299\" class=\"post-299 post type-post status-publish format-standard hentry category-non-classe\" style=\"margin: 0 0 30px;\">\n\t\t\t\t<div class=\"sow-blog-content-wrapper\"\n\t\t style=\"padding: 25px 30px 33px;\">\n\t\t\t\t<header class=\"sow-entry-header\">\n\t\t\t<h2 class=\"sow-entry-title\" style=\"margin: 0 0 5px;\"><a href=\"http:\/\/reiki.one\/?p=299\" rel=\"bookmark\">Le Reiki traditionnel &#8211; Interview d\u2019Hiroshi Doi Sensei<\/a><\/h2>\t\t\t<div class=\"sow-entry-meta\">\n\t\t\t\t\t\t\t<span class=\"sow-entry-date\">\n\t\t\t\t<a href=\"http:\/\/reiki.one\/?p=299\" rel=\"bookmark\">\n\t\t\t\t\t<time class=\"published\" datetime=\"2018-12-25T16:03:07+01:00\">\n\t\t\t\t\t\t25 d\u00e9cembre 2018\t\t\t\t\t<\/time>\n\t\t\t\t\t<time class=\"updated\" datetime=\"2018-12-25T16:09:56+01:00\">\n\t\t\t\t\t\t25 d\u00e9cembre 2018\t\t\t\t\t<\/time>\n\t\t\t\t<\/a>\n\t\t\t<\/span>\n\t\t\n\t\t\n\t\t\n\t\t\t\t\t<\/div>\n\t\t<\/header>\n\n\t\t\t\t\t<div\n\t\t\t\tclass=\"sow-entry-content\"\n\t\t\t\tstyle=\"margin-top: 20px;\"\n\t\t\t>\n\t\t\t\t<p>Interview d\u2019Hiroshi Doi Sensei par William Lee Rand Extrait du Reiki News Magazine \u00a9 \u00a0\u2022 Spring 2014 \u2022 www.reiki.org Traduction libre \u00ab [&#8230;] Le Reiki occidental a mis l\u2019accent sur la collecte de preuves m\u00e9dicales parce que ses praticiens accordent&#8230;<a class=\"sow-more-link more-link excerpt\" href=\"http:\/\/reiki.one\/?p=299\">Continue reading<span class=\"sow-more-link-arrow\">&rarr;<\/span><\/a><\/p>\t\t\t<\/div>\n\t\t\t\t<\/div>\n<\/article>\n<article id=\"post-281\" class=\"post-281 post type-post status-publish format-standard hentry category-non-classe\" style=\"margin: 0 0 30px;\">\n\t\t\t\t<div class=\"sow-blog-content-wrapper\"\n\t\t style=\"padding: 25px 30px 33px;\">\n\t\t\t\t<header class=\"sow-entry-header\">\n\t\t\t<h2 class=\"sow-entry-title\" style=\"margin: 0 0 5px;\"><a href=\"http:\/\/reiki.one\/?p=281\" rel=\"bookmark\">L\u2019amour de soi\u2026 et la pratique sur soi<\/a><\/h2>\t\t\t<div class=\"sow-entry-meta\">\n\t\t\t\t\t\t\t<span class=\"sow-entry-date\">\n\t\t\t\t<a href=\"http:\/\/reiki.one\/?p=281\" rel=\"bookmark\">\n\t\t\t\t\t<time class=\"published\" datetime=\"2018-11-04T19:25:22+01:00\">\n\t\t\t\t\t\t4 novembre 2018\t\t\t\t\t<\/time>\n\t\t\t\t\t<time class=\"updated\" datetime=\"2018-11-04T19:43:58+01:00\">\n\t\t\t\t\t\t4 novembre 2018\t\t\t\t\t<\/time>\n\t\t\t\t<\/a>\n\t\t\t<\/span>\n\t\t\n\t\t\n\t\t\n\t\t\t\t\t<\/div>\n\t\t<\/header>\n\n\t\t\t\t\t<div\n\t\t\t\tclass=\"sow-entry-content\"\n\t\t\t\tstyle=\"margin-top: 20px;\"\n\t\t\t>\n\t\t\t\t<p>La formation au premier niveau est avant tout orient\u00e9e \u00ab\u00a0pratique sur soi\u00a0\u00bb (m\u00eame si elle permet la pratique sur autrui d\u00e8s la formation termin\u00e9e). Prendre soin de soi&#8230; c&rsquo;est aussi ce que nous rappellent les pr\u00e9ceptes du Reiki. Le texte&#8230;<a class=\"sow-more-link more-link excerpt\" href=\"http:\/\/reiki.one\/?p=281\">Continue reading<span class=\"sow-more-link-arrow\">&rarr;<\/span><\/a><\/p>\t\t\t<\/div>\n\t\t\t\t<\/div>\n<\/article>\n<article id=\"post-266\" class=\"post-266 post type-post status-publish format-standard hentry category-non-classe\" style=\"margin: 0 0 30px;\">\n\t\t\t\t<div class=\"sow-blog-content-wrapper\"\n\t\t style=\"padding: 25px 30px 33px;\">\n\t\t\t\t<header class=\"sow-entry-header\">\n\t\t\t<h2 class=\"sow-entry-title\" style=\"margin: 0 0 5px;\"><a href=\"http:\/\/reiki.one\/?p=266\" rel=\"bookmark\">La m\u00e9ditation&#8230; en pratiquant le Reiki<\/a><\/h2>\t\t\t<div class=\"sow-entry-meta\">\n\t\t\t\t\t\t\t<span class=\"sow-entry-date\">\n\t\t\t\t<a href=\"http:\/\/reiki.one\/?p=266\" rel=\"bookmark\">\n\t\t\t\t\t<time class=\"published\" datetime=\"2018-10-22T15:47:53+02:00\">\n\t\t\t\t\t\t22 octobre 2018\t\t\t\t\t<\/time>\n\t\t\t\t\t<time class=\"updated\" datetime=\"2018-10-22T15:52:43+02:00\">\n\t\t\t\t\t\t22 octobre 2018\t\t\t\t\t<\/time>\n\t\t\t\t<\/a>\n\t\t\t<\/span>\n\t\t\n\t\t\n\t\t\n\t\t\t\t\t<\/div>\n\t\t<\/header>\n\n\t\t\t\t\t<div\n\t\t\t\tclass=\"sow-entry-content\"\n\t\t\t\tstyle=\"margin-top: 20px;\"\n\t\t\t>\n\t\t\t\t<p>\u00a0\u00a0\u201cM\u00e9diter consiste \u00e0 faire le vide \u00e0 l&rsquo;int\u00e9rieur de soi, \u00e0 apaiser son mental afin de se connecter \u00e0 son \u00eatre profond. Mais la m\u00e9ditation ne se pratique pas seulement assis par terre en tailleur dans une position hautement protocol\u00e9e&#8230;.<a class=\"sow-more-link more-link excerpt\" href=\"http:\/\/reiki.one\/?p=266\">Continue reading<span class=\"sow-more-link-arrow\">&rarr;<\/span><\/a><\/p>\t\t\t<\/div>\n\t\t\t\t<\/div>\n<\/article>\n<article id=\"post-230\" class=\"post-230 post type-post status-publish format-standard hentry category-non-classe\" style=\"margin: 0 0 30px;\">\n\t\t\t\t<div class=\"sow-blog-content-wrapper\"\n\t\t style=\"padding: 25px 30px 33px;\">\n\t\t\t\t<header class=\"sow-entry-header\">\n\t\t\t<h2 class=\"sow-entry-title\" style=\"margin: 0 0 5px;\"><a href=\"http:\/\/reiki.one\/?p=230\" rel=\"bookmark\">Le Reiki pour soigner ou lutter contre la d\u00e9pression<\/a><\/h2>\t\t\t<div class=\"sow-entry-meta\">\n\t\t\t\t\t\t\t<span class=\"sow-entry-date\">\n\t\t\t\t<a href=\"http:\/\/reiki.one\/?p=230\" rel=\"bookmark\">\n\t\t\t\t\t<time class=\"published\" datetime=\"2018-09-21T18:50:32+02:00\">\n\t\t\t\t\t\t21 septembre 2018\t\t\t\t\t<\/time>\n\t\t\t\t\t<time class=\"updated\" datetime=\"2021-09-01T17:02:43+02:00\">\n\t\t\t\t\t\t1 septembre 2021\t\t\t\t\t<\/time>\n\t\t\t\t<\/a>\n\t\t\t<\/span>\n\t\t\n\t\t\n\t\t\n\t\t\t\t\t<\/div>\n\t\t<\/header>\n\n\t\t\t\t\t<div\n\t\t\t\tclass=\"sow-entry-content\"\n\t\t\t\tstyle=\"margin-top: 20px;\"\n\t\t\t>\n\t\t\t\t<p>En 2004, une \u00e9tude montrait les bienfaits du Reiki contre la d\u00e9pression. Une \u00e9tude cas-t\u00e9moin(1) \u00e0 double insu, men\u00e9e pendant six semaines aupr\u00e8s de 45 personnes \u00e2g\u00e9es de 19 \u00e0 78 ans, tend \u00e0 d\u00e9montrer que le Reiki permettrait de&#8230;<a class=\"sow-more-link more-link excerpt\" href=\"http:\/\/reiki.one\/?p=230\">Continue reading<span class=\"sow-more-link-arrow\">&rarr;<\/span><\/a><\/p>\t\t\t<\/div>\n\t\t\t\t<\/div>\n<\/article>\n<article id=\"post-196\" class=\"post-196 post type-post status-publish format-standard hentry category-non-classe\" style=\"margin: 0 0 30px;\">\n\t\t\t\t<div class=\"sow-blog-content-wrapper\"\n\t\t style=\"padding: 25px 30px 33px;\">\n\t\t\t\t<header class=\"sow-entry-header\">\n\t\t\t<h2 class=\"sow-entry-title\" style=\"margin: 0 0 5px;\"><a href=\"http:\/\/reiki.one\/?p=196\" rel=\"bookmark\">Le Reiki agit-il dans toutes les situations ? Andr\u00e9 Baechler<\/a><\/h2>\t\t\t<div class=\"sow-entry-meta\">\n\t\t\t\t\t\t\t<span class=\"sow-entry-date\">\n\t\t\t\t<a href=\"http:\/\/reiki.one\/?p=196\" rel=\"bookmark\">\n\t\t\t\t\t<time class=\"published\" datetime=\"2018-09-14T18:53:41+02:00\">\n\t\t\t\t\t\t14 septembre 2018\t\t\t\t\t<\/time>\n\t\t\t\t\t<time class=\"updated\" datetime=\"2018-09-14T18:55:55+02:00\">\n\t\t\t\t\t\t14 septembre 2018\t\t\t\t\t<\/time>\n\t\t\t\t<\/a>\n\t\t\t<\/span>\n\t\t\n\t\t\n\t\t\n\t\t\t\t\t<\/div>\n\t\t<\/header>\n\n\t\t\t\t\t<div\n\t\t\t\tclass=\"sow-entry-content\"\n\t\t\t\tstyle=\"margin-top: 20px;\"\n\t\t\t>\n\t\t\t\t<p>\u00ab\u00a0Oui, le Reiki agit aupr\u00e8s de chaque \u00eatre et dans toutes les situations. Cette r\u00e9ponse qui peut sembler cat\u00e9gorique n\u00e9cessite bien s\u00fbr quelques pr\u00e9cisions. En effet, deux points importants sont \u00e0 consid\u00e9rer : L&rsquo;attachement \u00e0 nos blessures et la notion&#8230;<a class=\"sow-more-link more-link excerpt\" href=\"http:\/\/reiki.one\/?p=196\">Continue reading<span class=\"sow-more-link-arrow\">&rarr;<\/span><\/a><\/p>\t\t\t<\/div>\n\t\t\t\t<\/div>\n<\/article>\n<article id=\"post-150\" class=\"post-150 post type-post status-publish format-standard hentry category-non-classe\" style=\"margin: 0 0 30px;\">\n\t\t\t\t<div class=\"sow-blog-content-wrapper\"\n\t\t style=\"padding: 25px 30px 33px;\">\n\t\t\t\t<header class=\"sow-entry-header\">\n\t\t\t<h2 class=\"sow-entry-title\" style=\"margin: 0 0 5px;\"><a href=\"http:\/\/reiki.one\/?p=150\" rel=\"bookmark\">La pratique \u201cpour soi\u201d &#8211; Patrice Gros<\/a><\/h2>\t\t\t<div class=\"sow-entry-meta\">\n\t\t\t\t\t\t\t<span class=\"sow-entry-date\">\n\t\t\t\t<a href=\"http:\/\/reiki.one\/?p=150\" rel=\"bookmark\">\n\t\t\t\t\t<time class=\"published\" datetime=\"2018-08-27T09:04:56+02:00\">\n\t\t\t\t\t\t27 ao\u00fbt 2018\t\t\t\t\t<\/time>\n\t\t\t\t\t<time class=\"updated\" datetime=\"2018-08-27T09:05:31+02:00\">\n\t\t\t\t\t\t27 ao\u00fbt 2018\t\t\t\t\t<\/time>\n\t\t\t\t<\/a>\n\t\t\t<\/span>\n\t\t\n\t\t\n\t\t\n\t\t\t\t\t<\/div>\n\t\t<\/header>\n\n\t\t\t\t\t<div\n\t\t\t\tclass=\"sow-entry-content\"\n\t\t\t\tstyle=\"margin-top: 20px;\"\n\t\t\t>\n\t\t\t\t<p>\u00ab Dans le premier degr\u00e9, on se donne du temps, de l\u2019espace et on prend soin de soi [&#8230;]. Loin d\u2019ignorer sa souffrance, on la rencontre, on la reconna\u00eet et on en prend soin. On \u00e9coute ce qui est bless\u00e9&#8230;<a class=\"sow-more-link more-link excerpt\" href=\"http:\/\/reiki.one\/?p=150\">Continue reading<span class=\"sow-more-link-arrow\">&rarr;<\/span><\/a><\/p>\t\t\t<\/div>\n\t\t\t\t<\/div>\n<\/article>\n\t\t\t<\/div>\n\t\t\t\t\t\t\t\t<\/div>\n\t<\/div>\n\n\n<div class=\"wp-block-columns is-layout-flex wp-container-core-columns-is-layout-1 wp-block-columns-is-layout-flex\">\n<div class=\"wp-block-column is-layout-flow wp-block-column-is-layout-flow\" style=\"flex-basis:100%\">\n<div class=\"wp-block-group\"><div class=\"wp-block-group__inner-container is-layout-constrained wp-block-group-is-layout-constrained\"><\/div><\/div>\n<\/div>\n<\/div>\n","protected":false},"excerpt":{"rendered":"","protected":false},"author":1,"featured_media":0,"parent":0,"menu_order":0,"comment_status":"closed","ping_status":"closed","template":"","meta":{"footnotes":""},"_links":{"self":[{"href":"http:\/\/reiki.one\/index.php?rest_route=\/wp\/v2\/pages\/19"}],"collection":[{"href":"http:\/\/reiki.one\/index.php?rest_route=\/wp\/v2\/pages"}],"about":[{"href":"http:\/\/reiki.one\/index.php?rest_route=\/wp\/v2\/types\/page"}],"author":[{"embeddable":true,"href":"http:\/\/reiki.one\/index.php?rest_route=\/wp\/v2\/users\/1"}],"replies":[{"embeddable":true,"href":"http:\/\/reiki.one\/index.php?rest_route=%2Fwp%2Fv2%2Fcomments&post=19"}],"version-history":[{"count":29,"href":"http:\/\/reiki.one\/index.php?rest_route=\/wp\/v2\/pages\/19\/revisions"}],"predecessor-version":[{"id":1070,"href":"http:\/\/reiki.one\/index.php?rest_route=\/wp\/v2\/pages\/19\/revisions\/1070"}],"wp:attachment":[{"href":"http:\/\/reiki.one\/index.php?rest_route=%2Fwp%2Fv2%2Fmedia&parent=19"}],"curies":[{"name":"wp","href":"https:\/\/api.w.org\/{rel}","templated":true}]}}